{"id":17932,"date":"2021-10-13T14:34:53","date_gmt":"2021-10-13T12:34:53","guid":{"rendered":"https:\/\/samcla.com\/?page_id=17932"},"modified":"2026-01-26T10:22:19","modified_gmt":"2026-01-26T09:22:19","slug":"aviso-legal-y-politica-de-privacidad","status":"publish","type":"page","link":"https:\/\/samcla.com\/es\/aviso-legal-y-politica-de-privacidad\/","title":{"rendered":"AVISO LEGAL Y POL\u00cdTICA DE PRIVACIDAD"},"content":{"rendered":"<section  class='av_textblock_section av-n0h23w-3b129a8a76d31b7288bbd6e4c53eff84 '   itemscope=\"itemscope\" itemtype=\"https:\/\/schema.org\/CreativeWork\" ><div class='avia_textblock'  itemprop=\"text\" ><p><strong>AVISO LEGAL<\/strong><\/p>\n<p>Cumpliendo con la normativa definida en la Ley 34\/ 2002, del 11 de Julio, de Servicios de la Sociedad de la Informaci\u00f3n y de Comercio Electr\u00f3nico, indicamos a continuaci\u00f3n los datos de informaci\u00f3n general de esta p\u00e1gina web:<\/p>\n<p>Titular: SAMCLA-ESIC, S.L.<\/p>\n<p>Domicilio: Cam\u00ed del Mig, 39 Nau A 08349 Cabrera de Mar (Barcelona)<\/p>\n<p>Contacto: Jordi Samon<\/p>\n<p>Tel\u00e9fono: 937907779<\/p>\n<p>Fax: 937907702<\/p>\n<p>Datos Registrales: Registro Mercantil de Barcelona, Tomo 35283, Folio 155, Hoja B-262238, Inscripci\u00f3n 1\u00aa.<\/p>\n<p>CIF: B62975396<\/p>\n<p><strong>PROPIEDAD INTELECTUAL<\/strong><\/p>\n<p>Los contenidos suministrados por SAMCLA ESIC, S.L. est\u00e1n sujetos a los derechos de propiedad intelectual e industrial y son titularidad exclusiva de SAMCLA ESIC, S.L. o de las personas f\u00edsicas o jur\u00eddicas que se informe.<\/p>\n<p>La propiedad intelectual se extiende, adem\u00e1s del contenido incluido en SAMCLA ESIC, S.L., a sus gr\u00e1ficos, logotipos, dise\u00f1os, im\u00e1genes y c\u00f3digos fuente utilizado para su programaci\u00f3n.<\/p>\n<p>SAMCLA ESIC, S.L. ha obtenido la informaci\u00f3n y los materiales incluidos en el sitio web de fuentes consideradas como fiables y, si bien se han tomado medidas razonables para asegurarse de que la informaci\u00f3n contenida sea la correcta, SAMCLA ESIC, S.L. no puede garantizar que en todo momento y circunstancia dicha informaci\u00f3n sea exacta, completa, actualizada y, consecuentemente, no debe confiarse en ella como si lo fuera. SAMCLA ESIC, S.L. declina expresamente cualquier responsabilidad por error u omisi\u00f3n en la informaci\u00f3n contenida en las p\u00e1ginas de esta web.<\/p>\n<p>SAMCLA ESIC, S.L. se reserva la facultad de modificar, suspender, cancelar o restringir el contenido de la web, los v\u00ednculos o la informaci\u00f3n obtenida a trav\u00e9s de ella, sin necesidad de previo aviso. \u00c9sta, en ning\u00fan caso, asume responsabilidad alguna como consecuencia de la incorrecta utilizaci\u00f3n de la web que pueda llevar a cabo el usuario, tanto de la informaci\u00f3n como de los servicios en ella contenidos.<\/p>\n<p>En ning\u00fan caso SAMCLA ESIC, S.L., sus sucursales y\/o centros de trabajo, sus directores y\/o apoderados, empleados y, en general, el personal autorizado ser\u00e1n responsables de cualquier tipo de perjuicio, p\u00e9rdidas, reclamaciones o gastos de ning\u00fan tipo, tanto si proceden, directa o indirectamente, del uso y\/o difusi\u00f3n de la web o de la informaci\u00f3n adquirida o accedida por o a trav\u00e9s de \u00e9sta, o de sus virus inform\u00e1ticos, de fallos operativos o de interrupciones en el servicio o transmisi\u00f3n o de fallos en la l\u00ednea en el uso de la web, tanto por conexi\u00f3n directa como por v\u00ednculo u otro medio, constituyendo a todos los efectos legales un aviso a cualquier usuario de que estas posibilidades y eventos pueden ocurrir.<\/p>\n<p>SAMCLA ESIC, S.L. no se hace responsable de las webs no propias a las que se pueda acceder mediante v\u00ednculos o enlaces (\u00ablinks\u00bb) o de cualquier contenido puesto a disposici\u00f3n de terceros. Cualquier uso de un v\u00ednculo o acceso a una web no propia ser\u00e1 realizado por voluntad y a riesgo y ventura exclusiva del usuario. SAMCLA ESIC, S.L. no recomienda ni garantiza ninguna de la\/s informaci\u00f3n\/es obtenida\/s por o a trav\u00e9s de un v\u00ednculo, ni se responsabiliza de ninguna p\u00e9rdida, reclamaci\u00f3n o perjuicio derivado del uso o mal uso de un v\u00ednculo, o de la informaci\u00f3n obtenida a trav\u00e9s de \u00e9l, incluyendo otros v\u00ednculos o webs, de la interrupci\u00f3n en el servicio o en el acceso, o del intento de usar o usar mal un v\u00ednculo, tanto al conectar a la web de SAMCLA ESIC, S.L. como al acceder a la informaci\u00f3n de otras webs desde la misma.<\/p>\n<p>En algunas ocasiones, esta web utiliza \u00abCookies\u00bb, es decir, peque\u00f1os ficheros de datos que se generan en el ordenador del usuario y que permiten obtener la siguiente Informaci\u00f3n: 1) Fecha y hora de la \u00faltima vez que el usuario visit\u00f3 la web; 2) Dise\u00f1o y contenidos que el usuario escogi\u00f3 en su primera visita a la web; 3) Elementos de seguridad que intervienen en el control de acceso a las \u00e1reas restringidas y 4) Otras circunstancias an\u00e1logas. El usuario tiene la opci\u00f3n de impedir la generaci\u00f3n de Cookies, mediante la selecci\u00f3n de la correspondiente opci\u00f3n en su programa navegador. Sin embargo, SAMCLA ESIC, S.L. no se responsabiliza de que la desactivaci\u00f3n de las mismas impida el buen funcionamiento de la p\u00e1gina web.<\/p>\n<p><strong>PROPIEDAD INDUSTRIAL E INTELECTUAL<\/strong><\/p>\n<p>Esta web es propiedad de SAMCLA ESIC, S.L. Los derechos de Propiedad Intelectual y derechos de explotaci\u00f3n y reproducci\u00f3n de esta web, de sus p\u00e1ginas, pantallas, la Informaci\u00f3n que contienen, su apariencia y dise\u00f1o, as\u00ed como los v\u00ednculos (\u00abhiperlinks\u00bb) que se establezcan desde ella a otras p\u00e1ginas web de cualquier sociedad filial y\/o dominada de SAMCLA ESIC, S.L. son propiedad exclusiva de \u00e9sta, salvo que expresamente se especifique otra cosa. Cualquier denominaci\u00f3n, dise\u00f1o y\/o logotipo, as\u00ed como cualquier producto o servicio ofrecidos y reflejados en esta p\u00e1gina web, son marcas debidamente registradas por SAMCLA ESIC, S.L., por sus sociedades filiales y\/o dominadas o por terceros. Cualquier uso indebido de las mismas por personas diferentes de su leg\u00edtimo titular y sin el consentimiento expreso e inequ\u00edvoco por parte de \u00e9ste podr\u00e1 ser denunciado y perseguido a trav\u00e9s de todos los medio legales existentes en el Ordenamiento Jur\u00eddico espa\u00f1ol y\/o comunitario.<\/p>\n<p>Los derechos de propiedad intelectual y marcas de terceros est\u00e1n destacados convenientemente y deben ser respetados por todo aqu\u00e9l que acceda a esta p\u00e1gina, no siendo responsabilidad de SAMCLA ESIC, S.L. el uso que el usuario pueda llevar a cabo al respecto, recayendo la responsabilidad exclusiva en su persona.<\/p>\n<p>S\u00f3lo para uso personal y privado se permite descargar los contenidos, copiar o imprimir cualquier p\u00e1gina de esta web. Queda prohibido reproducir, transmitir, modificar o suprimir la informaci\u00f3n, contenido o advertencias de esta web sin la previa autorizaci\u00f3n por escrito de SAMCLA ESIC, S.L.<\/p>\n<p><strong>LEY APLICABLE Y JURISDICCI\u00d3N<\/strong><\/p>\n<p>Las presentes condiciones generales se rigen por la Legislaci\u00f3n espa\u00f1ola, siendo competentes los Juzgados y Tribunales espa\u00f1oles para conocer de cuantas cuestiones se susciten sobre la interpretaci\u00f3n, aplicaci\u00f3n y cumplimiento de las mismas. El usuario, por virtud de su aceptaci\u00f3n a las condiciones generales recogidas en este aviso legal, renuncia expresamente a cualquier fuero que, por aplicaci\u00f3n de la Ley de Enjuiciamiento Civil vigente pudiera corresponderle.<\/p>\n<p><strong>POL\u00cdTICA DE PRIVACIDAD<\/strong><\/p>\n<p>Con el objetivo de cumplir los preceptos de la Ley Org\u00e1nica 15\/1999 de Protecci\u00f3n de Datos de Car\u00e1cter Personal, y el Reglamento General de Protecci\u00f3n de Datos 2016\/679 de la Uni\u00f2n Europea, SAMCLA-ESIC, SL\u00a0 informa a los usuarios de esta p\u00e1gina web de los puntos siguientes:<\/p>\n<p>Toda la informaci\u00f3n que reciba SAMCLA-ESIC, SL ser\u00e1 tratada con la m\u00e1xima confidencialidad y seguridad, y se incorporar\u00e1 a los ficheros automatizados de su propiedad, cuya creaci\u00f3n ha sido debidamente notificada a la Agencia de Protecci\u00f3n de Datos.<\/p>\n<p>Esta informaci\u00f3n es utilizada por SAMCLA-ESIC, SL\u00a0 con la finalidad de mantener la relaci\u00f3n comercial y mercantil con sus clientes, as\u00ed como para mantenerlos puntualmente informados de los productos y servicios que ofrece, y podr\u00e1 ser comunicada a terceros (\u00fanicamente partners y distribuidores oficiales) as\u00ed como en los casos en que SAMCLA-ESIC, SL est\u00e9 obligada legalmente o se trate de datos de informaci\u00f3n p\u00fablica.<\/p>\n<p>Las personas interesadas podr\u00e1n ejercer respecto a SAMCLA-ESIC, SL los derechos de acceso, rectificaci\u00f3n, supresi\u00f3n, portabilidad,as\u00ed como de oposici\u00f3n o limitaci\u00f3n al tratamiento de sus datos personales al tratamiento de sus datos, por medio de un escrito firmado dirigido a SAMCLA-ESIC, SL,\u00a0 Cam\u00ed del Mig, 39 Nau A 08349 Cabrera de Mar (Barcelona),\u00a0 o envi\u00e1ndolo por email a la direccion lopd@samcla.com, a\u00f1adiendo en cualquier caso la fotocopia del DNI de la persona interesada.<\/p>\n<p>SAMCLA-ESIC, SL guardar\u00e1 los datos de car\u00e1cter personal que haya recogido, y adoptar\u00e1 las medidas necesarias para evitar su alteraci\u00f3n, p\u00e9rdida, tratamiento o acceso no autorizado. SAMCLA-ESIC, SL cumplir\u00e1 con esta obligaci\u00f3n de conformidad con el Reglamento 2016\/679 (UE) del Parlamento Europeo y el Consejo de la Uni\u00f3n Europea (Reglamento General de Protecci\u00f3n de Datos &#8211; RGPD)\u00a0 y todas las disposiciones posteriores.<\/p>\n<\/div><\/section>\n","protected":false},"excerpt":{"rendered":"","protected":false},"author":6,"featured_media":0,"parent":0,"menu_order":0,"comment_status":"closed","ping_status":"closed","template":"","meta":{"footnotes":""},"class_list":["post-17932","page","type-page","status-publish","hentry"],"yoast_head":"<!-- This site is optimized with the Yoast SEO plugin v27.5 - https:\/\/yoast.com\/product\/yoast-seo-wordpress\/ -->\n<title>AVISO LEGAL Y POL\u00cdTICA DE PRIVACIDAD &#8212; Samcla<\/title>\n<meta name=\"robots\" content=\"index, follow, max-snippet:-1, max-image-preview:large, max-video-preview:-1\" \/>\n<link rel=\"canonical\" href=\"https:\/\/samcla.com\/es\/aviso-legal-y-politica-de-privacidad\/\" \/>\n<meta property=\"og:locale\" content=\"es_ES\" \/>\n<meta property=\"og:type\" content=\"article\" \/>\n<meta property=\"og:title\" content=\"AVISO LEGAL Y POL\u00cdTICA DE PRIVACIDAD &#8212; Samcla\" \/>\n<meta property=\"og:url\" content=\"https:\/\/samcla.com\/es\/aviso-legal-y-politica-de-privacidad\/\" \/>\n<meta property=\"og:site_name\" content=\"Samcla\" \/>\n<meta property=\"article:modified_time\" content=\"2026-01-26T09:22:19+00:00\" \/>\n<meta name=\"twitter:card\" content=\"summary_large_image\" \/>\n<meta name=\"twitter:label1\" content=\"Tiempo de lectura\" \/>\n\t<meta name=\"twitter:data1\" content=\"8 minutos\" \/>\n<script type=\"application\/ld+json\" class=\"yoast-schema-graph\">{\"@context\":\"https:\\\/\\\/schema.org\",\"@graph\":[{\"@type\":\"WebPage\",\"@id\":\"https:\\\/\\\/samcla.com\\\/es\\\/aviso-legal-y-politica-de-privacidad\\\/\",\"url\":\"https:\\\/\\\/samcla.com\\\/es\\\/aviso-legal-y-politica-de-privacidad\\\/\",\"name\":\"AVISO LEGAL Y POL\u00cdTICA DE PRIVACIDAD &#8212; Samcla\",\"isPartOf\":{\"@id\":\"https:\\\/\\\/samcla.com\\\/es\\\/#website\"},\"datePublished\":\"2021-10-13T12:34:53+00:00\",\"dateModified\":\"2026-01-26T09:22:19+00:00\",\"breadcrumb\":{\"@id\":\"https:\\\/\\\/samcla.com\\\/es\\\/aviso-legal-y-politica-de-privacidad\\\/#breadcrumb\"},\"inLanguage\":\"es\",\"potentialAction\":[{\"@type\":\"ReadAction\",\"target\":[\"https:\\\/\\\/samcla.com\\\/es\\\/aviso-legal-y-politica-de-privacidad\\\/\"]}]},{\"@type\":\"BreadcrumbList\",\"@id\":\"https:\\\/\\\/samcla.com\\\/es\\\/aviso-legal-y-politica-de-privacidad\\\/#breadcrumb\",\"itemListElement\":[{\"@type\":\"ListItem\",\"position\":1,\"name\":\"Portada\",\"item\":\"https:\\\/\\\/samcla.com\\\/es\\\/inicio\\\/\"},{\"@type\":\"ListItem\",\"position\":2,\"name\":\"AVISO LEGAL Y POL\u00cdTICA DE PRIVACIDAD\"}]},{\"@type\":\"WebSite\",\"@id\":\"https:\\\/\\\/samcla.com\\\/es\\\/#website\",\"url\":\"https:\\\/\\\/samcla.com\\\/es\\\/\",\"name\":\"Samcla\",\"description\":\"Sistema de telegesti\u00f3n para redes de riego\",\"publisher\":{\"@id\":\"https:\\\/\\\/samcla.com\\\/es\\\/#organization\"},\"potentialAction\":[{\"@type\":\"SearchAction\",\"target\":{\"@type\":\"EntryPoint\",\"urlTemplate\":\"https:\\\/\\\/samcla.com\\\/es\\\/?s={search_term_string}\"},\"query-input\":{\"@type\":\"PropertyValueSpecification\",\"valueRequired\":true,\"valueName\":\"search_term_string\"}}],\"inLanguage\":\"es\"},{\"@type\":\"Organization\",\"@id\":\"https:\\\/\\\/samcla.com\\\/es\\\/#organization\",\"name\":\"SAMCLA\",\"url\":\"https:\\\/\\\/samcla.com\\\/es\\\/\",\"logo\":{\"@type\":\"ImageObject\",\"inLanguage\":\"es\",\"@id\":\"https:\\\/\\\/samcla.com\\\/es\\\/#\\\/schema\\\/logo\\\/image\\\/\",\"url\":\"https:\\\/\\\/samcla.com\\\/wp-content\\\/uploads\\\/2018\\\/03\\\/LOGO_SAMCLA_HOME_5.png\",\"contentUrl\":\"https:\\\/\\\/samcla.com\\\/wp-content\\\/uploads\\\/2018\\\/03\\\/LOGO_SAMCLA_HOME_5.png\",\"width\":\"543\",\"height\":\"200\",\"caption\":\"SAMCLA\"},\"image\":{\"@id\":\"https:\\\/\\\/samcla.com\\\/es\\\/#\\\/schema\\\/logo\\\/image\\\/\"},\"sameAs\":[\"http:\\\/\\\/samclatelemanagement\"]}]}<\/script>\n<!-- \/ Yoast SEO plugin. -->","yoast_head_json":{"title":"AVISO LEGAL Y POL\u00cdTICA DE PRIVACIDAD &#8212; Samcla","robots":{"index":"index","follow":"follow","max-snippet":"max-snippet:-1","max-image-preview":"max-image-preview:large","max-video-preview":"max-video-preview:-1"},"canonical":"https:\/\/samcla.com\/es\/aviso-legal-y-politica-de-privacidad\/","og_locale":"es_ES","og_type":"article","og_title":"AVISO LEGAL Y POL\u00cdTICA DE PRIVACIDAD &#8212; Samcla","og_url":"https:\/\/samcla.com\/es\/aviso-legal-y-politica-de-privacidad\/","og_site_name":"Samcla","article_modified_time":"2026-01-26T09:22:19+00:00","twitter_card":"summary_large_image","twitter_misc":{"Tiempo de lectura":"8 minutos"},"schema":{"@context":"https:\/\/schema.org","@graph":[{"@type":"WebPage","@id":"https:\/\/samcla.com\/es\/aviso-legal-y-politica-de-privacidad\/","url":"https:\/\/samcla.com\/es\/aviso-legal-y-politica-de-privacidad\/","name":"AVISO LEGAL Y POL\u00cdTICA DE PRIVACIDAD &#8212; Samcla","isPartOf":{"@id":"https:\/\/samcla.com\/es\/#website"},"datePublished":"2021-10-13T12:34:53+00:00","dateModified":"2026-01-26T09:22:19+00:00","breadcrumb":{"@id":"https:\/\/samcla.com\/es\/aviso-legal-y-politica-de-privacidad\/#breadcrumb"},"inLanguage":"es","potentialAction":[{"@type":"ReadAction","target":["https:\/\/samcla.com\/es\/aviso-legal-y-politica-de-privacidad\/"]}]},{"@type":"BreadcrumbList","@id":"https:\/\/samcla.com\/es\/aviso-legal-y-politica-de-privacidad\/#breadcrumb","itemListElement":[{"@type":"ListItem","position":1,"name":"Portada","item":"https:\/\/samcla.com\/es\/inicio\/"},{"@type":"ListItem","position":2,"name":"AVISO LEGAL Y POL\u00cdTICA DE PRIVACIDAD"}]},{"@type":"WebSite","@id":"https:\/\/samcla.com\/es\/#website","url":"https:\/\/samcla.com\/es\/","name":"Samcla","description":"Sistema de telegesti\u00f3n para redes de riego","publisher":{"@id":"https:\/\/samcla.com\/es\/#organization"},"potentialAction":[{"@type":"SearchAction","target":{"@type":"EntryPoint","urlTemplate":"https:\/\/samcla.com\/es\/?s={search_term_string}"},"query-input":{"@type":"PropertyValueSpecification","valueRequired":true,"valueName":"search_term_string"}}],"inLanguage":"es"},{"@type":"Organization","@id":"https:\/\/samcla.com\/es\/#organization","name":"SAMCLA","url":"https:\/\/samcla.com\/es\/","logo":{"@type":"ImageObject","inLanguage":"es","@id":"https:\/\/samcla.com\/es\/#\/schema\/logo\/image\/","url":"https:\/\/samcla.com\/wp-content\/uploads\/2018\/03\/LOGO_SAMCLA_HOME_5.png","contentUrl":"https:\/\/samcla.com\/wp-content\/uploads\/2018\/03\/LOGO_SAMCLA_HOME_5.png","width":"543","height":"200","caption":"SAMCLA"},"image":{"@id":"https:\/\/samcla.com\/es\/#\/schema\/logo\/image\/"},"sameAs":["http:\/\/samclatelemanagement"]}]}},"_links":{"self":[{"href":"https:\/\/samcla.com\/es\/wp-json\/wp\/v2\/pages\/17932","targetHints":{"allow":["GET"]}}],"collection":[{"href":"https:\/\/samcla.com\/es\/wp-json\/wp\/v2\/pages"}],"about":[{"href":"https:\/\/samcla.com\/es\/wp-json\/wp\/v2\/types\/page"}],"author":[{"embeddable":true,"href":"https:\/\/samcla.com\/es\/wp-json\/wp\/v2\/users\/6"}],"replies":[{"embeddable":true,"href":"https:\/\/samcla.com\/es\/wp-json\/wp\/v2\/comments?post=17932"}],"version-history":[{"count":0,"href":"https:\/\/samcla.com\/es\/wp-json\/wp\/v2\/pages\/17932\/revisions"}],"wp:attachment":[{"href":"https:\/\/samcla.com\/es\/wp-json\/wp\/v2\/media?parent=17932"}],"curies":[{"name":"wp","href":"https:\/\/api.w.org\/{rel}","templated":true}]}}